{"id":2668,"date":"2021-03-15T12:43:03","date_gmt":"2021-03-15T11:43:03","guid":{"rendered":"https:\/\/detwiler-avocat.fr\/?page_id=2668"},"modified":"2024-03-19T10:08:11","modified_gmt":"2024-03-19T09:08:11","slug":"actualites","status":"publish","type":"page","link":"https:\/\/detwiler-avocat.fr\/en_en\/actualites\/","title":{"rendered":"Flash news"},"content":{"rendered":"<div data-elementor-type=\"wp-page\" data-elementor-id=\"2668\" class=\"elementor elementor-2668\" data-elementor-post-type=\"page\">\n\t\t\t\t\t\t<section class=\"elementor-section elementor-top-section elementor-element elementor-element-1972cac elementor-section-boxed elementor-section-height-default elementor-section-height-default\" data-id=\"1972cac\" data-element_type=\"section\" data-e-type=\"section\" data-settings=\"{&quot;background_background&quot;:&quot;classic&quot;}\">\n\t\t\t\t\t\t<div class=\"elementor-container elementor-column-gap-extended\">\n\t\t\t\t\t<div class=\"elementor-column elementor-col-100 elementor-top-column elementor-element elementor-element-5467787\" data-id=\"5467787\" data-element_type=\"column\" data-e-type=\"column\">\n\t\t\t<div class=\"elementor-widget-wrap elementor-element-populated\">\n\t\t\t\t\t\t<div class=\"elementor-element elementor-element-ef2b575 elementor-widget elementor-widget-spacer\" data-id=\"ef2b575\" data-element_type=\"widget\" data-e-type=\"widget\" data-widget_type=\"spacer.default\">\n\t\t\t\t<div class=\"elementor-widget-container\">\n\t\t\t\t\t\t\t<div class=\"elementor-spacer\">\n\t\t\t<div class=\"elementor-spacer-inner\"><\/div>\n\t\t<\/div>\n\t\t\t\t\t\t<\/div>\n\t\t\t\t<\/div>\n\t\t\t\t\t<\/div>\n\t\t<\/div>\n\t\t\t\t\t<\/div>\n\t\t<\/section>\n\t\t\t\t<section class=\"elementor-section elementor-top-section elementor-element elementor-element-d70b5f6 elementor-section-boxed elementor-section-height-default elementor-section-height-default\" data-id=\"d70b5f6\" data-element_type=\"section\" data-e-type=\"section\" data-settings=\"{&quot;background_background&quot;:&quot;classic&quot;}\">\n\t\t\t\t\t\t<div class=\"elementor-container elementor-column-gap-extended\">\n\t\t\t\t\t<div class=\"elementor-column elementor-col-100 elementor-top-column elementor-element elementor-element-3e82571\" data-id=\"3e82571\" data-element_type=\"column\" data-e-type=\"column\">\n\t\t\t<div class=\"elementor-widget-wrap elementor-element-populated\">\n\t\t\t\t\t\t<div class=\"elementor-element elementor-element-08f774e elementor-widget elementor-widget-heading\" data-id=\"08f774e\" data-element_type=\"widget\" data-e-type=\"widget\" data-widget_type=\"heading.default\">\n\t\t\t\t<div class=\"elementor-widget-container\">\n\t\t\t\t\t<h4 class=\"elementor-heading-title elementor-size-default\">ARTICLES<\/h4>\t\t\t\t<\/div>\n\t\t\t\t<\/div>\n\t\t\t\t\t<\/div>\n\t\t<\/div>\n\t\t\t\t\t<\/div>\n\t\t<\/section>\n\t\t\t\t<section class=\"elementor-section elementor-top-section elementor-element elementor-element-297a6ff elementor-section-boxed elementor-section-height-default elementor-section-height-default\" data-id=\"297a6ff\" data-element_type=\"section\" data-e-type=\"section\">\n\t\t\t\t\t\t<div class=\"elementor-container elementor-column-gap-extended\">\n\t\t\t\t\t<div class=\"elementor-column elementor-col-100 elementor-top-column elementor-element elementor-element-e686820\" data-id=\"e686820\" data-element_type=\"column\" data-e-type=\"column\">\n\t\t\t<div class=\"elementor-widget-wrap elementor-element-populated\">\n\t\t\t\t\t\t<div class=\"elementor-element elementor-element-23b3f5d elementor-widget elementor-widget-heading\" data-id=\"23b3f5d\" data-element_type=\"widget\" data-e-type=\"widget\" data-widget_type=\"heading.default\">\n\t\t\t\t<div class=\"elementor-widget-container\">\n\t\t\t\t\t<h2 class=\"elementor-heading-title elementor-size-default\">Employment news<\/h2>\t\t\t\t<\/div>\n\t\t\t\t<\/div>\n\t\t\t\t\t<\/div>\n\t\t<\/div>\n\t\t\t\t\t<\/div>\n\t\t<\/section>\n\t\t\t\t<section class=\"elementor-section elementor-top-section elementor-element elementor-element-82b91fd elementor-section-boxed elementor-section-height-default elementor-section-height-default\" data-id=\"82b91fd\" data-element_type=\"section\" data-e-type=\"section\">\n\t\t\t\t\t\t<div class=\"elementor-container elementor-column-gap-extended\">\n\t\t\t\t\t<div class=\"elementor-column elementor-col-100 elementor-top-column elementor-element elementor-element-83c9909\" data-id=\"83c9909\" data-element_type=\"column\" data-e-type=\"column\">\n\t\t\t<div class=\"elementor-widget-wrap elementor-element-populated\">\n\t\t\t\t\t\t<div class=\"elementor-element elementor-element-b836a48 elementor-posts--align-left elementor-grid-3 elementor-grid-tablet-2 elementor-grid-mobile-1 elementor-posts--thumbnail-top elementor-posts--show-avatar elementor-card-shadow-yes elementor-posts__hover-gradient elementor-widget elementor-widget-posts\" data-id=\"b836a48\" data-element_type=\"widget\" data-e-type=\"widget\" data-settings=\"{&quot;cards_columns&quot;:&quot;3&quot;,&quot;cards_columns_tablet&quot;:&quot;2&quot;,&quot;cards_columns_mobile&quot;:&quot;1&quot;,&quot;cards_row_gap&quot;:{&quot;unit&quot;:&quot;px&quot;,&quot;size&quot;:35,&quot;sizes&quot;:[]},&quot;cards_row_gap_tablet&quot;:{&quot;unit&quot;:&quot;px&quot;,&quot;size&quot;:&quot;&quot;,&quot;sizes&quot;:[]},&quot;cards_row_gap_mobile&quot;:{&quot;unit&quot;:&quot;px&quot;,&quot;size&quot;:&quot;&quot;,&quot;sizes&quot;:[]}}\" data-widget_type=\"posts.cards\">\n\t\t\t\t<div class=\"elementor-widget-container\">\n\t\t\t\t\t\t\t<div class=\"elementor-posts-container elementor-posts elementor-posts--skin-cards elementor-grid\" role=\"list\">\n\t\t\t\t<article class=\"elementor-post elementor-grid-item post-4054 post type-post status-publish format-standard has-post-thumbnail hentry category-actu-sociales\" role=\"listitem\">\n\t\t\t<div class=\"elementor-post__card\">\n\t\t\t\t<a class=\"elementor-post__thumbnail__link\" href=\"https:\/\/detwiler-avocat.fr\/en_en\/harcelement-sexuel-au-travail-les-enseignements-de-la-decision-rendue-par-la-defenseure-des-droits-concernant-lenquete-interne\/\" tabindex=\"-1\" ><div class=\"elementor-post__thumbnail\"><img fetchpriority=\"high\" decoding=\"async\" width=\"2500\" height=\"2500\" src=\"https:\/\/detwiler-avocat.fr\/wp-content\/uploads\/2024\/09\/10783055_19198733-3.jpg\" class=\"attachment-full size-full wp-image-4059\" alt=\"\" srcset=\"https:\/\/detwiler-avocat.fr\/wp-content\/uploads\/2024\/09\/10783055_19198733-3.jpg 2500w, https:\/\/detwiler-avocat.fr\/wp-content\/uploads\/2024\/09\/10783055_19198733-3-300x300.jpg 300w, https:\/\/detwiler-avocat.fr\/wp-content\/uploads\/2024\/09\/10783055_19198733-3-1024x1024.jpg 1024w, https:\/\/detwiler-avocat.fr\/wp-content\/uploads\/2024\/09\/10783055_19198733-3-150x150.jpg 150w, https:\/\/detwiler-avocat.fr\/wp-content\/uploads\/2024\/09\/10783055_19198733-3-768x768.jpg 768w, https:\/\/detwiler-avocat.fr\/wp-content\/uploads\/2024\/09\/10783055_19198733-3-1536x1536.jpg 1536w, https:\/\/detwiler-avocat.fr\/wp-content\/uploads\/2024\/09\/10783055_19198733-3-2048x2048.jpg 2048w, https:\/\/detwiler-avocat.fr\/wp-content\/uploads\/2024\/09\/10783055_19198733-3-12x12.jpg 12w, https:\/\/detwiler-avocat.fr\/wp-content\/uploads\/2024\/09\/10783055_19198733-3-370x370.jpg 370w, https:\/\/detwiler-avocat.fr\/wp-content\/uploads\/2024\/09\/10783055_19198733-3-115x115.jpg 115w, https:\/\/detwiler-avocat.fr\/wp-content\/uploads\/2024\/09\/10783055_19198733-3-803x803.jpg 803w, https:\/\/detwiler-avocat.fr\/wp-content\/uploads\/2024\/09\/10783055_19198733-3-406x406.jpg 406w\" sizes=\"(max-width: 2500px) 100vw, 2500px\" \/><\/div><\/a>\n\t\t\t\t<div class=\"elementor-post__badge\">Actu Sociales<\/div>\n\t\t\t\t<div class=\"elementor-post__avatar\">\n\t\t\t<img alt='Lucille Detwiler' src='https:\/\/detwiler-avocat.fr\/wp-content\/uploads\/2024\/06\/avatar_user_990002_1718706072-128x128.jpg' srcset='https:\/\/detwiler-avocat.fr\/wp-content\/uploads\/2024\/06\/avatar_user_990002_1718706072-256x256.jpg 2x' class='avatar avatar-128 photo' height='128' width='128' \/>\t\t<\/div>\n\t\t\t\t<div class=\"elementor-post__text\">\n\t\t\t\t<h3 class=\"elementor-post__title\">\n\t\t\t<a href=\"https:\/\/detwiler-avocat.fr\/en_en\/harcelement-sexuel-au-travail-les-enseignements-de-la-decision-rendue-par-la-defenseure-des-droits-concernant-lenquete-interne\/\" >\n\t\t\t\tHarc\u00e8lement sexuel au travail : les &#8220;recommandations&#8221; de la D\u00e9fenseure des droits dans la conduite de l&#8217;enqu\u00eate interne\t\t\t<\/a>\n\t\t<\/h3>\n\t\t\t\t<div class=\"elementor-post__excerpt\">\n\t\t\t<p>Saisie d&#8217;une r\u00e9clamation par une salari\u00e9e estimant avoir fait l&#8217;objet d&#8217;un harc\u00e8lement sexuel au travail non reconnu par son employeur, la D\u00e9fenseure des droits s&#8217;est r\u00e9cemment pench\u00e9e sur les pratiques d&#8217;une grande entreprise dans le cadre des<\/p>\n\t\t<\/div>\n\t\t\n\t\t<a class=\"elementor-post__read-more\" href=\"https:\/\/detwiler-avocat.fr\/en_en\/harcelement-sexuel-au-travail-les-enseignements-de-la-decision-rendue-par-la-defenseure-des-droits-concernant-lenquete-interne\/\" aria-label=\"Read more about Harc\u00e8lement sexuel au travail : les &#8220;recommandations&#8221; de la D\u00e9fenseure des droits dans la conduite de l&#8217;enqu\u00eate interne\" tabindex=\"-1\" >\n\t\t\tLire la suite \u00bb\t\t<\/a>\n\n\t\t\t\t<\/div>\n\t\t\t\t<div class=\"elementor-post__meta-data\">\n\t\t\t\t\t<span class=\"elementor-post-date\">\n\t\t\t17 September 2024\t\t<\/span>\n\t\t\t\t<span class=\"elementor-post-avatar\">\n\t\t\tNo Comments\t\t<\/span>\n\t\t\t\t<\/div>\n\t\t\t\t\t<\/div>\n\t\t<\/article>\n\t\t\t\t<article class=\"elementor-post elementor-grid-item post-3941 post type-post status-publish format-standard has-post-thumbnail hentry category-actu-sociales\" role=\"listitem\">\n\t\t\t<div class=\"elementor-post__card\">\n\t\t\t\t<a class=\"elementor-post__thumbnail__link\" href=\"https:\/\/detwiler-avocat.fr\/en_en\/conges-payes-et-arret-maladie-en-bref-on-fait-quoi\/\" tabindex=\"-1\" ><div class=\"elementor-post__thumbnail\"><img decoding=\"async\" width=\"2560\" height=\"1707\" src=\"https:\/\/detwiler-avocat.fr\/wp-content\/uploads\/2024\/05\/25821355_7147579-scaled.jpg\" class=\"attachment-full size-full wp-image-3949\" alt=\"\" srcset=\"https:\/\/detwiler-avocat.fr\/wp-content\/uploads\/2024\/05\/25821355_7147579-scaled.jpg 2560w, https:\/\/detwiler-avocat.fr\/wp-content\/uploads\/2024\/05\/25821355_7147579-300x200.jpg 300w, https:\/\/detwiler-avocat.fr\/wp-content\/uploads\/2024\/05\/25821355_7147579-1024x683.jpg 1024w, https:\/\/detwiler-avocat.fr\/wp-content\/uploads\/2024\/05\/25821355_7147579-768x512.jpg 768w, https:\/\/detwiler-avocat.fr\/wp-content\/uploads\/2024\/05\/25821355_7147579-1536x1024.jpg 1536w, https:\/\/detwiler-avocat.fr\/wp-content\/uploads\/2024\/05\/25821355_7147579-2048x1365.jpg 2048w, https:\/\/detwiler-avocat.fr\/wp-content\/uploads\/2024\/05\/25821355_7147579-18x12.jpg 18w, https:\/\/detwiler-avocat.fr\/wp-content\/uploads\/2024\/05\/25821355_7147579-370x247.jpg 370w, https:\/\/detwiler-avocat.fr\/wp-content\/uploads\/2024\/05\/25821355_7147579-803x535.jpg 803w, https:\/\/detwiler-avocat.fr\/wp-content\/uploads\/2024\/05\/25821355_7147579-406x271.jpg 406w\" sizes=\"(max-width: 2560px) 100vw, 2560px\" \/><\/div><\/a>\n\t\t\t\t<div class=\"elementor-post__badge\">Actu Sociales<\/div>\n\t\t\t\t<div class=\"elementor-post__avatar\">\n\t\t\t<img alt='Lucille Detwiler' src='https:\/\/detwiler-avocat.fr\/wp-content\/uploads\/2024\/06\/avatar_user_990002_1718706072-128x128.jpg' srcset='https:\/\/detwiler-avocat.fr\/wp-content\/uploads\/2024\/06\/avatar_user_990002_1718706072-256x256.jpg 2x' class='avatar avatar-128 photo' height='128' width='128' \/>\t\t<\/div>\n\t\t\t\t<div class=\"elementor-post__text\">\n\t\t\t\t<h3 class=\"elementor-post__title\">\n\t\t\t<a href=\"https:\/\/detwiler-avocat.fr\/en_en\/conges-payes-et-arret-maladie-en-bref-on-fait-quoi\/\" >\n\t\t\t\tCong\u00e9s pay\u00e9s et arr\u00eat maladie : fin de la saga\t\t\t<\/a>\n\t\t<\/h3>\n\t\t\t\t<div class=\"elementor-post__excerpt\">\n\t\t\t<p>L&#8217;entr\u00e9e en vigueur de la loi d\u2019adaptation au droit de l\u2019Union europ\u00e9enne modifi\u00e9e vient mettre un terme \u00e0 la saga judiciaire faisant suite au revirement de jurisprudence amorc\u00e9 par la Cour de cassation par ses arr\u00eats du<\/p>\n\t\t<\/div>\n\t\t\n\t\t<a class=\"elementor-post__read-more\" href=\"https:\/\/detwiler-avocat.fr\/en_en\/conges-payes-et-arret-maladie-en-bref-on-fait-quoi\/\" aria-label=\"Read more about Cong\u00e9s pay\u00e9s et arr\u00eat maladie : fin de la saga\" tabindex=\"-1\" >\n\t\t\tLire la suite \u00bb\t\t<\/a>\n\n\t\t\t\t<\/div>\n\t\t\t\t<div class=\"elementor-post__meta-data\">\n\t\t\t\t\t<span class=\"elementor-post-date\">\n\t\t\t13 May 2024\t\t<\/span>\n\t\t\t\t<span class=\"elementor-post-avatar\">\n\t\t\tNo Comments\t\t<\/span>\n\t\t\t\t<\/div>\n\t\t\t\t\t<\/div>\n\t\t<\/article>\n\t\t\t\t<article class=\"elementor-post elementor-grid-item post-3934 post type-post status-publish format-standard has-post-thumbnail hentry category-actu-sociales\" role=\"listitem\">\n\t\t\t<div class=\"elementor-post__card\">\n\t\t\t\t<a class=\"elementor-post__thumbnail__link\" href=\"https:\/\/detwiler-avocat.fr\/en_en\/ccn-syntec-entree-en-vigueur-de-lavenant-relatif-au-teletravail-pour-les-entreprises-de-la-branche\/\" tabindex=\"-1\" ><div class=\"elementor-post__thumbnail\"><img decoding=\"async\" width=\"2560\" height=\"1707\" src=\"https:\/\/detwiler-avocat.fr\/wp-content\/uploads\/2024\/04\/7607107_3644996-scaled.jpg\" class=\"attachment-full size-full wp-image-3935\" alt=\"\" srcset=\"https:\/\/detwiler-avocat.fr\/wp-content\/uploads\/2024\/04\/7607107_3644996-scaled.jpg 2560w, https:\/\/detwiler-avocat.fr\/wp-content\/uploads\/2024\/04\/7607107_3644996-300x200.jpg 300w, https:\/\/detwiler-avocat.fr\/wp-content\/uploads\/2024\/04\/7607107_3644996-1024x683.jpg 1024w, https:\/\/detwiler-avocat.fr\/wp-content\/uploads\/2024\/04\/7607107_3644996-768x512.jpg 768w, https:\/\/detwiler-avocat.fr\/wp-content\/uploads\/2024\/04\/7607107_3644996-1536x1024.jpg 1536w, https:\/\/detwiler-avocat.fr\/wp-content\/uploads\/2024\/04\/7607107_3644996-2048x1365.jpg 2048w, https:\/\/detwiler-avocat.fr\/wp-content\/uploads\/2024\/04\/7607107_3644996-18x12.jpg 18w, https:\/\/detwiler-avocat.fr\/wp-content\/uploads\/2024\/04\/7607107_3644996-370x247.jpg 370w, https:\/\/detwiler-avocat.fr\/wp-content\/uploads\/2024\/04\/7607107_3644996-803x535.jpg 803w, https:\/\/detwiler-avocat.fr\/wp-content\/uploads\/2024\/04\/7607107_3644996-406x271.jpg 406w\" sizes=\"(max-width: 2560px) 100vw, 2560px\" \/><\/div><\/a>\n\t\t\t\t<div class=\"elementor-post__badge\">Actu Sociales<\/div>\n\t\t\t\t<div class=\"elementor-post__avatar\">\n\t\t\t<img alt='Lucille Detwiler' src='https:\/\/detwiler-avocat.fr\/wp-content\/uploads\/2024\/06\/avatar_user_990002_1718706072-128x128.jpg' srcset='https:\/\/detwiler-avocat.fr\/wp-content\/uploads\/2024\/06\/avatar_user_990002_1718706072-256x256.jpg 2x' class='avatar avatar-128 photo' height='128' width='128' \/>\t\t<\/div>\n\t\t\t\t<div class=\"elementor-post__text\">\n\t\t\t\t<h3 class=\"elementor-post__title\">\n\t\t\t<a href=\"https:\/\/detwiler-avocat.fr\/en_en\/ccn-syntec-entree-en-vigueur-de-lavenant-relatif-au-teletravail-pour-les-entreprises-de-la-branche\/\" >\n\t\t\t\tCCN SYNTEC : Entr\u00e9e en vigueur de l&#8217;avenant relatif au t\u00e9l\u00e9travail pour les entreprises de la branche\t\t\t<\/a>\n\t\t<\/h3>\n\t\t\t\t<div class=\"elementor-post__excerpt\">\n\t\t\t<p>L&#8217;accord relatif au t\u00e9l\u00e9travail des entreprises entrant dans le champ d\u2019application des bureaux d\u2019\u00e9tudes techniques, cabinets d\u2019ing\u00e9nieurs-conseils et soci\u00e9t\u00e9s de conseils (\u00e9galement dit SYNTEC) conclu le 22 d\u00e9cembre 2022 est entr\u00e9 en vigueur le 1er avril 2024.<\/p>\n\t\t<\/div>\n\t\t\n\t\t<a class=\"elementor-post__read-more\" href=\"https:\/\/detwiler-avocat.fr\/en_en\/ccn-syntec-entree-en-vigueur-de-lavenant-relatif-au-teletravail-pour-les-entreprises-de-la-branche\/\" aria-label=\"Read more about CCN SYNTEC : Entr\u00e9e en vigueur de l&#8217;avenant relatif au t\u00e9l\u00e9travail pour les entreprises de la branche\" tabindex=\"-1\" >\n\t\t\tLire la suite \u00bb\t\t<\/a>\n\n\t\t\t\t<\/div>\n\t\t\t\t<div class=\"elementor-post__meta-data\">\n\t\t\t\t\t<span class=\"elementor-post-date\">\n\t\t\t1 April 2024\t\t<\/span>\n\t\t\t\t<span class=\"elementor-post-avatar\">\n\t\t\tNo Comments\t\t<\/span>\n\t\t\t\t<\/div>\n\t\t\t\t\t<\/div>\n\t\t<\/article>\n\t\t\t\t<article class=\"elementor-post elementor-grid-item post-3901 post type-post status-publish format-standard has-post-thumbnail hentry category-actu-sociales\" role=\"listitem\">\n\t\t\t<div class=\"elementor-post__card\">\n\t\t\t\t<a class=\"elementor-post__thumbnail__link\" href=\"https:\/\/detwiler-avocat.fr\/en_en\/partage-de-la-valeur-quels-nouveaux-dispositifs-pour-les-employeurs-realisant-des-benefices\/\" tabindex=\"-1\" ><div class=\"elementor-post__thumbnail\"><img loading=\"lazy\" decoding=\"async\" width=\"2560\" height=\"2388\" src=\"https:\/\/detwiler-avocat.fr\/wp-content\/uploads\/2024\/01\/4737362_45234-scaled.jpg\" class=\"attachment-full size-full wp-image-3903\" alt=\"\" srcset=\"https:\/\/detwiler-avocat.fr\/wp-content\/uploads\/2024\/01\/4737362_45234-scaled.jpg 2560w, https:\/\/detwiler-avocat.fr\/wp-content\/uploads\/2024\/01\/4737362_45234-300x280.jpg 300w, https:\/\/detwiler-avocat.fr\/wp-content\/uploads\/2024\/01\/4737362_45234-1024x955.jpg 1024w, https:\/\/detwiler-avocat.fr\/wp-content\/uploads\/2024\/01\/4737362_45234-768x716.jpg 768w, https:\/\/detwiler-avocat.fr\/wp-content\/uploads\/2024\/01\/4737362_45234-1536x1433.jpg 1536w, https:\/\/detwiler-avocat.fr\/wp-content\/uploads\/2024\/01\/4737362_45234-2048x1911.jpg 2048w, https:\/\/detwiler-avocat.fr\/wp-content\/uploads\/2024\/01\/4737362_45234-13x12.jpg 13w, https:\/\/detwiler-avocat.fr\/wp-content\/uploads\/2024\/01\/4737362_45234-370x345.jpg 370w, https:\/\/detwiler-avocat.fr\/wp-content\/uploads\/2024\/01\/4737362_45234-803x749.jpg 803w, https:\/\/detwiler-avocat.fr\/wp-content\/uploads\/2024\/01\/4737362_45234-406x379.jpg 406w\" sizes=\"(max-width: 2560px) 100vw, 2560px\" \/><\/div><\/a>\n\t\t\t\t<div class=\"elementor-post__badge\">Actu Sociales<\/div>\n\t\t\t\t<div class=\"elementor-post__avatar\">\n\t\t\t<img alt='Lucille Detwiler' src='https:\/\/detwiler-avocat.fr\/wp-content\/uploads\/2024\/06\/avatar_user_990002_1718706072-128x128.jpg' srcset='https:\/\/detwiler-avocat.fr\/wp-content\/uploads\/2024\/06\/avatar_user_990002_1718706072-256x256.jpg 2x' class='avatar avatar-128 photo' height='128' width='128' \/>\t\t<\/div>\n\t\t\t\t<div class=\"elementor-post__text\">\n\t\t\t\t<h3 class=\"elementor-post__title\">\n\t\t\t<a href=\"https:\/\/detwiler-avocat.fr\/en_en\/partage-de-la-valeur-quels-nouveaux-dispositifs-pour-les-employeurs-realisant-des-benefices\/\" >\n\t\t\t\tPartage de la valeur : quels nouveaux dispositifs pour les employeurs r\u00e9alisant des b\u00e9n\u00e9fices ?\t\t\t<\/a>\n\t\t<\/h3>\n\t\t\t\t<div class=\"elementor-post__excerpt\">\n\t\t\t<p>La loi 2023-1107 du 29 novembre 2023 dite de Partage de la valeur instaure de nouveaux dispositifs au sein des&nbsp;entreprises de 11 salari\u00e9s et plus r\u00e9alisant un certain niveau de b\u00e9n\u00e9fice afin d&#8217;imposer la mise en place<\/p>\n\t\t<\/div>\n\t\t\n\t\t<a class=\"elementor-post__read-more\" href=\"https:\/\/detwiler-avocat.fr\/en_en\/partage-de-la-valeur-quels-nouveaux-dispositifs-pour-les-employeurs-realisant-des-benefices\/\" aria-label=\"Read more about Partage de la valeur : quels nouveaux dispositifs pour les employeurs r\u00e9alisant des b\u00e9n\u00e9fices ?\" tabindex=\"-1\" >\n\t\t\tLire la suite \u00bb\t\t<\/a>\n\n\t\t\t\t<\/div>\n\t\t\t\t<div class=\"elementor-post__meta-data\">\n\t\t\t\t\t<span class=\"elementor-post-date\">\n\t\t\t4 January 2024\t\t<\/span>\n\t\t\t\t<span class=\"elementor-post-avatar\">\n\t\t\tNo Comments\t\t<\/span>\n\t\t\t\t<\/div>\n\t\t\t\t\t<\/div>\n\t\t<\/article>\n\t\t\t\t<article class=\"elementor-post elementor-grid-item post-3885 post type-post status-publish format-standard has-post-thumbnail hentry category-actu-sociales\" role=\"listitem\">\n\t\t\t<div class=\"elementor-post__card\">\n\t\t\t\t<a class=\"elementor-post__thumbnail__link\" href=\"https:\/\/detwiler-avocat.fr\/en_en\/mise-en-conformite-du-droit-francais-aux-reglements-europeens-quels-impacts-en-droit-du-travail\/\" tabindex=\"-1\" ><div class=\"elementor-post__thumbnail\"><img loading=\"lazy\" decoding=\"async\" width=\"1500\" height=\"1036\" src=\"https:\/\/detwiler-avocat.fr\/wp-content\/uploads\/2023\/03\/mains-agitant-drapeaux-union-europeenne.jpg\" class=\"attachment-full size-full wp-image-3891\" alt=\"\" srcset=\"https:\/\/detwiler-avocat.fr\/wp-content\/uploads\/2023\/03\/mains-agitant-drapeaux-union-europeenne.jpg 1500w, https:\/\/detwiler-avocat.fr\/wp-content\/uploads\/2023\/03\/mains-agitant-drapeaux-union-europeenne-300x207.jpg 300w, https:\/\/detwiler-avocat.fr\/wp-content\/uploads\/2023\/03\/mains-agitant-drapeaux-union-europeenne-1024x707.jpg 1024w, https:\/\/detwiler-avocat.fr\/wp-content\/uploads\/2023\/03\/mains-agitant-drapeaux-union-europeenne-768x530.jpg 768w, https:\/\/detwiler-avocat.fr\/wp-content\/uploads\/2023\/03\/mains-agitant-drapeaux-union-europeenne-18x12.jpg 18w, https:\/\/detwiler-avocat.fr\/wp-content\/uploads\/2023\/03\/mains-agitant-drapeaux-union-europeenne-370x256.jpg 370w, https:\/\/detwiler-avocat.fr\/wp-content\/uploads\/2023\/03\/mains-agitant-drapeaux-union-europeenne-803x555.jpg 803w, https:\/\/detwiler-avocat.fr\/wp-content\/uploads\/2023\/03\/mains-agitant-drapeaux-union-europeenne-406x280.jpg 406w\" sizes=\"(max-width: 1500px) 100vw, 1500px\" \/><\/div><\/a>\n\t\t\t\t<div class=\"elementor-post__badge\">Actu Sociales<\/div>\n\t\t\t\t<div class=\"elementor-post__avatar\">\n\t\t\t<img alt='Lucille Detwiler' src='https:\/\/detwiler-avocat.fr\/wp-content\/uploads\/2024\/06\/avatar_user_990002_1718706072-128x128.jpg' srcset='https:\/\/detwiler-avocat.fr\/wp-content\/uploads\/2024\/06\/avatar_user_990002_1718706072-256x256.jpg 2x' class='avatar avatar-128 photo' height='128' width='128' \/>\t\t<\/div>\n\t\t\t\t<div class=\"elementor-post__text\">\n\t\t\t\t<h3 class=\"elementor-post__title\">\n\t\t\t<a href=\"https:\/\/detwiler-avocat.fr\/en_en\/mise-en-conformite-du-droit-francais-aux-reglements-europeens-quels-impacts-en-droit-du-travail\/\" >\n\t\t\t\tLoi d&#8217;adaptation aux r\u00e8glements europ\u00e9ens :  quels impacts en droit du travail ?\t\t\t<\/a>\n\t\t<\/h3>\n\t\t\t\t<div class=\"elementor-post__excerpt\">\n\t\t\t<p>La loi portant diverses dispositions d&#8217;adaptation au droit de l&#8217;Union europ\u00e9enne (dite &#8220;DDADUE&#8221;) vient d&#8217;entrer en vigueur. La loi transpose plusieurs directives et met en coh\u00e9rence le droit fran\u00e7ais avec des r\u00e8glements europ\u00e9ens dans divers domaines. Elle<\/p>\n\t\t<\/div>\n\t\t\n\t\t<a class=\"elementor-post__read-more\" href=\"https:\/\/detwiler-avocat.fr\/en_en\/mise-en-conformite-du-droit-francais-aux-reglements-europeens-quels-impacts-en-droit-du-travail\/\" aria-label=\"Read more about Loi d&#8217;adaptation aux r\u00e8glements europ\u00e9ens :  quels impacts en droit du travail ?\" tabindex=\"-1\" >\n\t\t\tLire la suite \u00bb\t\t<\/a>\n\n\t\t\t\t<\/div>\n\t\t\t\t<div class=\"elementor-post__meta-data\">\n\t\t\t\t\t<span class=\"elementor-post-date\">\n\t\t\t10 March 2023\t\t<\/span>\n\t\t\t\t<span class=\"elementor-post-avatar\">\n\t\t\tNo Comments\t\t<\/span>\n\t\t\t\t<\/div>\n\t\t\t\t\t<\/div>\n\t\t<\/article>\n\t\t\t\t<article class=\"elementor-post elementor-grid-item post-3863 post type-post status-publish format-standard has-post-thumbnail hentry category-actu-sociales\" role=\"listitem\">\n\t\t\t<div class=\"elementor-post__card\">\n\t\t\t\t<a class=\"elementor-post__thumbnail__link\" href=\"https:\/\/detwiler-avocat.fr\/en_en\/lanceurs-dalerte-le-decret-dapplication-tant-attendu-est-enfin-publie\/\" tabindex=\"-1\" ><div class=\"elementor-post__thumbnail\"><img loading=\"lazy\" decoding=\"async\" width=\"1000\" height=\"667\" src=\"https:\/\/detwiler-avocat.fr\/wp-content\/uploads\/2022\/10\/female-hand-holds-megaphone-on-pink-background.jpg\" class=\"attachment-full size-full wp-image-3870\" alt=\"\" srcset=\"https:\/\/detwiler-avocat.fr\/wp-content\/uploads\/2022\/10\/female-hand-holds-megaphone-on-pink-background.jpg 1000w, https:\/\/detwiler-avocat.fr\/wp-content\/uploads\/2022\/10\/female-hand-holds-megaphone-on-pink-background-300x200.jpg 300w, https:\/\/detwiler-avocat.fr\/wp-content\/uploads\/2022\/10\/female-hand-holds-megaphone-on-pink-background-768x512.jpg 768w, https:\/\/detwiler-avocat.fr\/wp-content\/uploads\/2022\/10\/female-hand-holds-megaphone-on-pink-background-18x12.jpg 18w, https:\/\/detwiler-avocat.fr\/wp-content\/uploads\/2022\/10\/female-hand-holds-megaphone-on-pink-background-370x247.jpg 370w, https:\/\/detwiler-avocat.fr\/wp-content\/uploads\/2022\/10\/female-hand-holds-megaphone-on-pink-background-803x536.jpg 803w, https:\/\/detwiler-avocat.fr\/wp-content\/uploads\/2022\/10\/female-hand-holds-megaphone-on-pink-background-406x271.jpg 406w\" sizes=\"(max-width: 1000px) 100vw, 1000px\" \/><\/div><\/a>\n\t\t\t\t<div class=\"elementor-post__badge\">Actu Sociales<\/div>\n\t\t\t\t<div class=\"elementor-post__avatar\">\n\t\t\t<img alt='Lucille Detwiler' src='https:\/\/detwiler-avocat.fr\/wp-content\/uploads\/2024\/06\/avatar_user_990002_1718706072-128x128.jpg' srcset='https:\/\/detwiler-avocat.fr\/wp-content\/uploads\/2024\/06\/avatar_user_990002_1718706072-256x256.jpg 2x' class='avatar avatar-128 photo' height='128' width='128' \/>\t\t<\/div>\n\t\t\t\t<div class=\"elementor-post__text\">\n\t\t\t\t<h3 class=\"elementor-post__title\">\n\t\t\t<a href=\"https:\/\/detwiler-avocat.fr\/en_en\/lanceurs-dalerte-le-decret-dapplication-tant-attendu-est-enfin-publie\/\" >\n\t\t\t\tLanceurs d&#8217;alerte : le d\u00e9cret d&#8217;application tant attendu est publi\u00e9 !\t\t\t<\/a>\n\t\t<\/h3>\n\t\t\t\t<div class=\"elementor-post__excerpt\">\n\t\t\t<p>Depuis le 1er septembre 2022, les nouvelles r\u00e8gles relatives \u00e0 la protection des lanceurs d\u2019alertes et au recueil et traitement des signalements internes et externes issues des lois Waserman sont applicables au sein des entreprises d&#8217;au moins<\/p>\n\t\t<\/div>\n\t\t\n\t\t<a class=\"elementor-post__read-more\" href=\"https:\/\/detwiler-avocat.fr\/en_en\/lanceurs-dalerte-le-decret-dapplication-tant-attendu-est-enfin-publie\/\" aria-label=\"Read more about Lanceurs d&#8217;alerte : le d\u00e9cret d&#8217;application tant attendu est publi\u00e9 !\" tabindex=\"-1\" >\n\t\t\tLire la suite \u00bb\t\t<\/a>\n\n\t\t\t\t<\/div>\n\t\t\t\t<div class=\"elementor-post__meta-data\">\n\t\t\t\t\t<span class=\"elementor-post-date\">\n\t\t\t6 October 2022\t\t<\/span>\n\t\t\t\t<span class=\"elementor-post-avatar\">\n\t\t\tNo Comments\t\t<\/span>\n\t\t\t\t<\/div>\n\t\t\t\t\t<\/div>\n\t\t<\/article>\n\t\t\t\t<\/div>\n\t\t\n\t\t\t\t\t\t<\/div>\n\t\t\t\t<\/div>\n\t\t\t\t\t<\/div>\n\t\t<\/div>\n\t\t\t\t\t<\/div>\n\t\t<\/section>\n\t\t\t\t<section class=\"elementor-section elementor-top-section elementor-element elementor-element-8b8e095 elementor-section-boxed elementor-section-height-default elementor-section-height-default\" data-id=\"8b8e095\" data-element_type=\"section\" data-e-type=\"section\">\n\t\t\t\t\t\t<div class=\"elementor-container elementor-column-gap-extended\">\n\t\t\t\t\t<div class=\"elementor-column elementor-col-100 elementor-top-column elementor-element elementor-element-11289b4\" data-id=\"11289b4\" data-element_type=\"column\" data-e-type=\"column\">\n\t\t\t<div class=\"elementor-widget-wrap elementor-element-populated\">\n\t\t\t\t\t\t<div class=\"elementor-element elementor-element-53f8d59 elementor-widget elementor-widget-heading\" data-id=\"53f8d59\" data-element_type=\"widget\" data-e-type=\"widget\" data-widget_type=\"heading.default\">\n\t\t\t\t<div class=\"elementor-widget-container\">\n\t\t\t\t\t<h2 class=\"elementor-heading-title elementor-size-default\">Jurisprudences<\/h2>\t\t\t\t<\/div>\n\t\t\t\t<\/div>\n\t\t\t\t\t<\/div>\n\t\t<\/div>\n\t\t\t\t\t<\/div>\n\t\t<\/section>\n\t\t\t\t<section class=\"elementor-section elementor-top-section elementor-element elementor-element-32b3006 elementor-section-boxed elementor-section-height-default elementor-section-height-default\" data-id=\"32b3006\" data-element_type=\"section\" data-e-type=\"section\">\n\t\t\t\t\t\t<div class=\"elementor-container elementor-column-gap-extended\">\n\t\t\t\t\t<div class=\"elementor-column elementor-col-100 elementor-top-column elementor-element elementor-element-cc48023\" data-id=\"cc48023\" data-element_type=\"column\" data-e-type=\"column\">\n\t\t\t<div class=\"elementor-widget-wrap elementor-element-populated\">\n\t\t\t\t\t\t<div class=\"elementor-element elementor-element-498d34b elementor-grid-3 elementor-grid-tablet-2 elementor-grid-mobile-1 elementor-posts--thumbnail-top elementor-posts--show-avatar elementor-card-shadow-yes elementor-posts__hover-gradient elementor-widget elementor-widget-posts\" data-id=\"498d34b\" data-element_type=\"widget\" data-e-type=\"widget\" data-settings=\"{&quot;cards_columns&quot;:&quot;3&quot;,&quot;cards_columns_tablet&quot;:&quot;2&quot;,&quot;cards_columns_mobile&quot;:&quot;1&quot;,&quot;cards_row_gap&quot;:{&quot;unit&quot;:&quot;px&quot;,&quot;size&quot;:35,&quot;sizes&quot;:[]},&quot;cards_row_gap_tablet&quot;:{&quot;unit&quot;:&quot;px&quot;,&quot;size&quot;:&quot;&quot;,&quot;sizes&quot;:[]},&quot;cards_row_gap_mobile&quot;:{&quot;unit&quot;:&quot;px&quot;,&quot;size&quot;:&quot;&quot;,&quot;sizes&quot;:[]}}\" data-widget_type=\"posts.cards\">\n\t\t\t\t<div class=\"elementor-widget-container\">\n\t\t\t\t\t\t\t<div class=\"elementor-posts-container elementor-posts elementor-posts--skin-cards elementor-grid\" role=\"list\">\n\t\t\t\t<article class=\"elementor-post elementor-grid-item post-3707 post type-post status-publish format-standard has-post-thumbnail hentry category-actu-jurisprudentielles\" role=\"listitem\">\n\t\t\t<div class=\"elementor-post__card\">\n\t\t\t\t<a class=\"elementor-post__thumbnail__link\" href=\"https:\/\/detwiler-avocat.fr\/en_en\/licenciement-pour-inaptitude-pas-dobligation-de-consulter-le-cse-sur-limpossibilite-de-reclassement-en-cas-de-dispense-expresse-du-medecin-du-travail\/\" tabindex=\"-1\" ><div class=\"elementor-post__thumbnail\"><img loading=\"lazy\" decoding=\"async\" width=\"300\" height=\"200\" src=\"https:\/\/detwiler-avocat.fr\/wp-content\/uploads\/2022\/06\/hands-of-unrecognizable-female-doctor-writing-on-form-and-typing-on-laptop-keyboard-300x200.jpg\" class=\"attachment-medium size-medium wp-image-3708\" alt=\"\" srcset=\"https:\/\/detwiler-avocat.fr\/wp-content\/uploads\/2022\/06\/hands-of-unrecognizable-female-doctor-writing-on-form-and-typing-on-laptop-keyboard-300x200.jpg 300w, https:\/\/detwiler-avocat.fr\/wp-content\/uploads\/2022\/06\/hands-of-unrecognizable-female-doctor-writing-on-form-and-typing-on-laptop-keyboard-768x512.jpg 768w, https:\/\/detwiler-avocat.fr\/wp-content\/uploads\/2022\/06\/hands-of-unrecognizable-female-doctor-writing-on-form-and-typing-on-laptop-keyboard-18x12.jpg 18w, https:\/\/detwiler-avocat.fr\/wp-content\/uploads\/2022\/06\/hands-of-unrecognizable-female-doctor-writing-on-form-and-typing-on-laptop-keyboard-370x247.jpg 370w, https:\/\/detwiler-avocat.fr\/wp-content\/uploads\/2022\/06\/hands-of-unrecognizable-female-doctor-writing-on-form-and-typing-on-laptop-keyboard-803x536.jpg 803w, https:\/\/detwiler-avocat.fr\/wp-content\/uploads\/2022\/06\/hands-of-unrecognizable-female-doctor-writing-on-form-and-typing-on-laptop-keyboard-406x271.jpg 406w, https:\/\/detwiler-avocat.fr\/wp-content\/uploads\/2022\/06\/hands-of-unrecognizable-female-doctor-writing-on-form-and-typing-on-laptop-keyboard.jpg 1000w\" sizes=\"(max-width: 300px) 100vw, 300px\" \/><\/div><\/a>\n\t\t\t\t<div class=\"elementor-post__badge\">Actu Jurisprudentielles<\/div>\n\t\t\t\t<div class=\"elementor-post__avatar\">\n\t\t\t<img alt='Lucille Detwiler' src='https:\/\/detwiler-avocat.fr\/wp-content\/uploads\/2024\/06\/avatar_user_990002_1718706072-128x128.jpg' srcset='https:\/\/detwiler-avocat.fr\/wp-content\/uploads\/2024\/06\/avatar_user_990002_1718706072-256x256.jpg 2x' class='avatar avatar-128 photo' height='128' width='128' \/>\t\t<\/div>\n\t\t\t\t<div class=\"elementor-post__text\">\n\t\t\t\t<h3 class=\"elementor-post__title\">\n\t\t\t<a href=\"https:\/\/detwiler-avocat.fr\/en_en\/licenciement-pour-inaptitude-pas-dobligation-de-consulter-le-cse-sur-limpossibilite-de-reclassement-en-cas-de-dispense-expresse-du-medecin-du-travail\/\" >\n\t\t\t\tLicenciement pour inaptitude : pas d&#8217;obligation de consulter le CSE sur l&#8217;impossibilit\u00e9 de reclassement en cas de dispense expresse du m\u00e9decin du travail\t\t\t<\/a>\n\t\t<\/h3>\n\t\t\t\t<div class=\"elementor-post__excerpt\">\n\t\t\t<p>La Cour de cassation vient apporter, pour la premi\u00e8re fois \u00e0 notre connaissance, une clarification sur l&#8217;obligation de consulter ou pas le Comit\u00e9 \u00e9conomique et social (CSE) avant de licencier un salari\u00e9 d\u00e9clar\u00e9 inapte lorsque&nbsp;l\u2019avis d\u2019inaptitude du<\/p>\n\t\t<\/div>\n\t\t\n\t\t<a class=\"elementor-post__read-more\" href=\"https:\/\/detwiler-avocat.fr\/en_en\/licenciement-pour-inaptitude-pas-dobligation-de-consulter-le-cse-sur-limpossibilite-de-reclassement-en-cas-de-dispense-expresse-du-medecin-du-travail\/\" aria-label=\"Read more about Licenciement pour inaptitude : pas d&#8217;obligation de consulter le CSE sur l&#8217;impossibilit\u00e9 de reclassement en cas de dispense expresse du m\u00e9decin du travail\" tabindex=\"-1\" >\n\t\t\tLire la suite \u00bb\t\t<\/a>\n\n\t\t\t\t<\/div>\n\t\t\t\t<div class=\"elementor-post__meta-data\">\n\t\t\t\t\t<span class=\"elementor-post-date\">\n\t\t\t14 June 2022\t\t<\/span>\n\t\t\t\t<span class=\"elementor-post-avatar\">\n\t\t\tNo Comments\t\t<\/span>\n\t\t\t\t<\/div>\n\t\t\t\t\t<\/div>\n\t\t<\/article>\n\t\t\t\t<article class=\"elementor-post elementor-grid-item post-3699 post type-post status-publish format-standard has-post-thumbnail hentry category-actu-jurisprudentielles\" role=\"listitem\">\n\t\t\t<div class=\"elementor-post__card\">\n\t\t\t\t<a class=\"elementor-post__thumbnail__link\" href=\"https:\/\/detwiler-avocat.fr\/en_en\/contrepartie-des-temps-de-deplacement-inhabituels-elle-ne-doit-pas-etre-derisoire\/\" tabindex=\"-1\" ><div class=\"elementor-post__thumbnail\"><img loading=\"lazy\" decoding=\"async\" width=\"300\" height=\"169\" src=\"https:\/\/detwiler-avocat.fr\/wp-content\/uploads\/2022\/04\/dan-gold-kARZuSYMfrA-unsplash-370x208-1-300x169.jpg\" class=\"attachment-medium size-medium wp-image-3701\" alt=\"\" srcset=\"https:\/\/detwiler-avocat.fr\/wp-content\/uploads\/2022\/04\/dan-gold-kARZuSYMfrA-unsplash-370x208-1-300x169.jpg 300w, https:\/\/detwiler-avocat.fr\/wp-content\/uploads\/2022\/04\/dan-gold-kARZuSYMfrA-unsplash-370x208-1-18x10.jpg 18w, https:\/\/detwiler-avocat.fr\/wp-content\/uploads\/2022\/04\/dan-gold-kARZuSYMfrA-unsplash-370x208-1.jpg 370w\" sizes=\"(max-width: 300px) 100vw, 300px\" \/><\/div><\/a>\n\t\t\t\t<div class=\"elementor-post__badge\">Actu Jurisprudentielles<\/div>\n\t\t\t\t<div class=\"elementor-post__avatar\">\n\t\t\t<img alt='Lucille Detwiler' src='https:\/\/detwiler-avocat.fr\/wp-content\/uploads\/2024\/06\/avatar_user_990002_1718706072-128x128.jpg' srcset='https:\/\/detwiler-avocat.fr\/wp-content\/uploads\/2024\/06\/avatar_user_990002_1718706072-256x256.jpg 2x' class='avatar avatar-128 photo' height='128' width='128' \/>\t\t<\/div>\n\t\t\t\t<div class=\"elementor-post__text\">\n\t\t\t\t<h3 class=\"elementor-post__title\">\n\t\t\t<a href=\"https:\/\/detwiler-avocat.fr\/en_en\/contrepartie-des-temps-de-deplacement-inhabituels-elle-ne-doit-pas-etre-derisoire\/\" >\n\t\t\t\tTemps de d\u00e9placement inhabituels : la contrepartie fix\u00e9e par l&#8217;employeur ne doit pas \u00eatre d\u00e9risoire\t\t\t<\/a>\n\t\t<\/h3>\n\t\t\t\t<div class=\"elementor-post__excerpt\">\n\t\t\t<p>Le salari\u00e9 dont le temps de trajet pour se rendre sur le lieu d\u2019ex\u00e9cution du contrat de travail exc\u00e8de le temps normal de trajet entre son domicile et le lieu habituel de travail doit b\u00e9n\u00e9ficier d\u2019une contrepartie<\/p>\n\t\t<\/div>\n\t\t\n\t\t<a class=\"elementor-post__read-more\" href=\"https:\/\/detwiler-avocat.fr\/en_en\/contrepartie-des-temps-de-deplacement-inhabituels-elle-ne-doit-pas-etre-derisoire\/\" aria-label=\"Read more about Temps de d\u00e9placement inhabituels : la contrepartie fix\u00e9e par l&#8217;employeur ne doit pas \u00eatre d\u00e9risoire\" tabindex=\"-1\" >\n\t\t\tLire la suite \u00bb\t\t<\/a>\n\n\t\t\t\t<\/div>\n\t\t\t\t<div class=\"elementor-post__meta-data\">\n\t\t\t\t\t<span class=\"elementor-post-date\">\n\t\t\t15 April 2022\t\t<\/span>\n\t\t\t\t<span class=\"elementor-post-avatar\">\n\t\t\tNo Comments\t\t<\/span>\n\t\t\t\t<\/div>\n\t\t\t\t\t<\/div>\n\t\t<\/article>\n\t\t\t\t<article class=\"elementor-post elementor-grid-item post-3693 post type-post status-publish format-standard has-post-thumbnail hentry category-actu-jurisprudentielles\" role=\"listitem\">\n\t\t\t<div class=\"elementor-post__card\">\n\t\t\t\t<a class=\"elementor-post__thumbnail__link\" href=\"https:\/\/detwiler-avocat.fr\/en_en\/le-forfait-jours-nautorise-pas-le-salarie-a-saffranchir-de-toute-contrainte-horaire\/\" tabindex=\"-1\" ><div class=\"elementor-post__thumbnail\"><img loading=\"lazy\" decoding=\"async\" width=\"300\" height=\"200\" src=\"https:\/\/detwiler-avocat.fr\/wp-content\/uploads\/2022\/04\/marten-bjork-rH8O0FHFpfw-unsplash-2-300x200.jpg\" class=\"attachment-medium size-medium wp-image-3696\" alt=\"\" srcset=\"https:\/\/detwiler-avocat.fr\/wp-content\/uploads\/2022\/04\/marten-bjork-rH8O0FHFpfw-unsplash-2-300x200.jpg 300w, https:\/\/detwiler-avocat.fr\/wp-content\/uploads\/2022\/04\/marten-bjork-rH8O0FHFpfw-unsplash-2-18x12.jpg 18w, https:\/\/detwiler-avocat.fr\/wp-content\/uploads\/2022\/04\/marten-bjork-rH8O0FHFpfw-unsplash-2-370x247.jpg 370w, https:\/\/detwiler-avocat.fr\/wp-content\/uploads\/2022\/04\/marten-bjork-rH8O0FHFpfw-unsplash-2-406x271.jpg 406w, https:\/\/detwiler-avocat.fr\/wp-content\/uploads\/2022\/04\/marten-bjork-rH8O0FHFpfw-unsplash-2.jpg 640w\" sizes=\"(max-width: 300px) 100vw, 300px\" \/><\/div><\/a>\n\t\t\t\t<div class=\"elementor-post__badge\">Actu Jurisprudentielles<\/div>\n\t\t\t\t<div class=\"elementor-post__avatar\">\n\t\t\t<img alt='Lucille Detwiler' src='https:\/\/detwiler-avocat.fr\/wp-content\/uploads\/2024\/06\/avatar_user_990002_1718706072-128x128.jpg' srcset='https:\/\/detwiler-avocat.fr\/wp-content\/uploads\/2024\/06\/avatar_user_990002_1718706072-256x256.jpg 2x' class='avatar avatar-128 photo' height='128' width='128' \/>\t\t<\/div>\n\t\t\t\t<div class=\"elementor-post__text\">\n\t\t\t\t<h3 class=\"elementor-post__title\">\n\t\t\t<a href=\"https:\/\/detwiler-avocat.fr\/en_en\/le-forfait-jours-nautorise-pas-le-salarie-a-saffranchir-de-toute-contrainte-horaire\/\" >\n\t\t\t\tLe forfait jours n&#8217;autorise pas le salari\u00e9 \u00e0 s&#8217;affranchir de toute contrainte horaire\t\t\t<\/a>\n\t\t<\/h3>\n\t\t\t\t<div class=\"elementor-post__excerpt\">\n\t\t\t<p>Les salari\u00e9s qui peuvent \u00eatre soumis \u00e0 un forfait annuel en jours b\u00e9n\u00e9ficient, par d\u00e9finition, d\u2019une certaine autonomie dans l\u2019organisation de leur emploi du temps (c. trav. art. L.3121-58). L&#8217;autonomie dont ils doivent disposer n\u2019est pour autant<\/p>\n\t\t<\/div>\n\t\t\n\t\t<a class=\"elementor-post__read-more\" href=\"https:\/\/detwiler-avocat.fr\/en_en\/le-forfait-jours-nautorise-pas-le-salarie-a-saffranchir-de-toute-contrainte-horaire\/\" aria-label=\"Read more about Le forfait jours n&#8217;autorise pas le salari\u00e9 \u00e0 s&#8217;affranchir de toute contrainte horaire\" tabindex=\"-1\" >\n\t\t\tLire la suite \u00bb\t\t<\/a>\n\n\t\t\t\t<\/div>\n\t\t\t\t<div class=\"elementor-post__meta-data\">\n\t\t\t\t\t<span class=\"elementor-post-date\">\n\t\t\t3 April 2022\t\t<\/span>\n\t\t\t\t<span class=\"elementor-post-avatar\">\n\t\t\tNo Comments\t\t<\/span>\n\t\t\t\t<\/div>\n\t\t\t\t\t<\/div>\n\t\t<\/article>\n\t\t\t\t<article class=\"elementor-post elementor-grid-item post-3674 post type-post status-publish format-standard has-post-thumbnail hentry category-actu-jurisprudentielles\" role=\"listitem\">\n\t\t\t<div class=\"elementor-post__card\">\n\t\t\t\t<a class=\"elementor-post__thumbnail__link\" href=\"https:\/\/detwiler-avocat.fr\/en_en\/protection-du-lanceur-dalerte-nullite-du-licenciement-faute-de-demontrer-la-mauvaise-foi-du-salarie\/\" tabindex=\"-1\" ><div class=\"elementor-post__thumbnail\"><img loading=\"lazy\" decoding=\"async\" width=\"300\" height=\"217\" src=\"https:\/\/detwiler-avocat.fr\/wp-content\/uploads\/2022\/01\/marketing-3740526-1-300x217.jpg\" class=\"attachment-medium size-medium wp-image-3679\" alt=\"\" srcset=\"https:\/\/detwiler-avocat.fr\/wp-content\/uploads\/2022\/01\/marketing-3740526-1-300x217.jpg 300w, https:\/\/detwiler-avocat.fr\/wp-content\/uploads\/2022\/01\/marketing-3740526-1-1024x742.jpg 1024w, https:\/\/detwiler-avocat.fr\/wp-content\/uploads\/2022\/01\/marketing-3740526-1-768x556.jpg 768w, https:\/\/detwiler-avocat.fr\/wp-content\/uploads\/2022\/01\/marketing-3740526-1-1536x1112.jpg 1536w, https:\/\/detwiler-avocat.fr\/wp-content\/uploads\/2022\/01\/marketing-3740526-1-2048x1483.jpg 2048w, https:\/\/detwiler-avocat.fr\/wp-content\/uploads\/2022\/01\/marketing-3740526-1-18x12.jpg 18w, https:\/\/detwiler-avocat.fr\/wp-content\/uploads\/2022\/01\/marketing-3740526-1-370x268.jpg 370w, https:\/\/detwiler-avocat.fr\/wp-content\/uploads\/2022\/01\/marketing-3740526-1-803x581.jpg 803w, https:\/\/detwiler-avocat.fr\/wp-content\/uploads\/2022\/01\/marketing-3740526-1-406x294.jpg 406w\" sizes=\"(max-width: 300px) 100vw, 300px\" \/><\/div><\/a>\n\t\t\t\t<div class=\"elementor-post__badge\">Actu Jurisprudentielles<\/div>\n\t\t\t\t<div class=\"elementor-post__avatar\">\n\t\t\t<img alt='Lucille Detwiler' src='https:\/\/detwiler-avocat.fr\/wp-content\/uploads\/2024\/06\/avatar_user_990002_1718706072-128x128.jpg' srcset='https:\/\/detwiler-avocat.fr\/wp-content\/uploads\/2024\/06\/avatar_user_990002_1718706072-256x256.jpg 2x' class='avatar avatar-128 photo' height='128' width='128' \/>\t\t<\/div>\n\t\t\t\t<div class=\"elementor-post__text\">\n\t\t\t\t<h3 class=\"elementor-post__title\">\n\t\t\t<a href=\"https:\/\/detwiler-avocat.fr\/en_en\/protection-du-lanceur-dalerte-nullite-du-licenciement-faute-de-demontrer-la-mauvaise-foi-du-salarie\/\" >\n\t\t\t\tProtection du lanceur d&#8217;alerte : nullit\u00e9 du licenciement faute de d\u00e9montrer la mauvaise foi du salari\u00e9\t\t\t<\/a>\n\t\t<\/h3>\n\t\t\t\t<div class=\"elementor-post__excerpt\">\n\t\t\t<p>Dans un arr\u00eat r\u00e9cent, la Cour de cassation donne une nouvelle illustration de la protection contre le licenciement dont b\u00e9n\u00e9ficient les salari\u00e9s lanceurs d&#8217;alerte et de la notion de mauvaise foi susceptible de faire \u00e9chec \u00e0 cette<\/p>\n\t\t<\/div>\n\t\t\n\t\t<a class=\"elementor-post__read-more\" href=\"https:\/\/detwiler-avocat.fr\/en_en\/protection-du-lanceur-dalerte-nullite-du-licenciement-faute-de-demontrer-la-mauvaise-foi-du-salarie\/\" aria-label=\"Read more about Protection du lanceur d&#8217;alerte : nullit\u00e9 du licenciement faute de d\u00e9montrer la mauvaise foi du salari\u00e9\" tabindex=\"-1\" >\n\t\t\tLire la suite \u00bb\t\t<\/a>\n\n\t\t\t\t<\/div>\n\t\t\t\t<div class=\"elementor-post__meta-data\">\n\t\t\t\t\t<span class=\"elementor-post-date\">\n\t\t\t31 January 2022\t\t<\/span>\n\t\t\t\t<span class=\"elementor-post-avatar\">\n\t\t\tNo Comments\t\t<\/span>\n\t\t\t\t<\/div>\n\t\t\t\t\t<\/div>\n\t\t<\/article>\n\t\t\t\t<article class=\"elementor-post elementor-grid-item post-3142 post type-post status-publish format-standard has-post-thumbnail hentry category-actu-jurisprudentielles\" role=\"listitem\">\n\t\t\t<div class=\"elementor-post__card\">\n\t\t\t\t<a class=\"elementor-post__thumbnail__link\" href=\"https:\/\/detwiler-avocat.fr\/en_en\/recours-a-la-videosurveillance-les-conditions-de-validite-rappelees-par-la-cour-de-cassation\/\" tabindex=\"-1\" ><div class=\"elementor-post__thumbnail\"><img loading=\"lazy\" decoding=\"async\" width=\"300\" height=\"199\" src=\"https:\/\/detwiler-avocat.fr\/wp-content\/uploads\/2021\/11\/tobias-tullius-4dKy7d3lkKM-unsplash-300x199.jpg\" class=\"attachment-medium size-medium wp-image-3143\" alt=\"\" srcset=\"https:\/\/detwiler-avocat.fr\/wp-content\/uploads\/2021\/11\/tobias-tullius-4dKy7d3lkKM-unsplash-300x199.jpg 300w, https:\/\/detwiler-avocat.fr\/wp-content\/uploads\/2021\/11\/tobias-tullius-4dKy7d3lkKM-unsplash-18x12.jpg 18w, https:\/\/detwiler-avocat.fr\/wp-content\/uploads\/2021\/11\/tobias-tullius-4dKy7d3lkKM-unsplash-370x246.jpg 370w, https:\/\/detwiler-avocat.fr\/wp-content\/uploads\/2021\/11\/tobias-tullius-4dKy7d3lkKM-unsplash-406x270.jpg 406w, https:\/\/detwiler-avocat.fr\/wp-content\/uploads\/2021\/11\/tobias-tullius-4dKy7d3lkKM-unsplash.jpg 640w\" sizes=\"(max-width: 300px) 100vw, 300px\" \/><\/div><\/a>\n\t\t\t\t<div class=\"elementor-post__badge\">Actu Jurisprudentielles<\/div>\n\t\t\t\t<div class=\"elementor-post__avatar\">\n\t\t\t<img alt='Lucille Detwiler' src='https:\/\/detwiler-avocat.fr\/wp-content\/uploads\/2024\/06\/avatar_user_990002_1718706072-128x128.jpg' srcset='https:\/\/detwiler-avocat.fr\/wp-content\/uploads\/2024\/06\/avatar_user_990002_1718706072-256x256.jpg 2x' class='avatar avatar-128 photo' height='128' width='128' \/>\t\t<\/div>\n\t\t\t\t<div class=\"elementor-post__text\">\n\t\t\t\t<h3 class=\"elementor-post__title\">\n\t\t\t<a href=\"https:\/\/detwiler-avocat.fr\/en_en\/recours-a-la-videosurveillance-les-conditions-de-validite-rappelees-par-la-cour-de-cassation\/\" >\n\t\t\t\tRecours \u00e0 la vid\u00e9osurveillance : les conditions de validit\u00e9 rappel\u00e9es par la Cour de cassation\t\t\t<\/a>\n\t\t<\/h3>\n\t\t\t\t<div class=\"elementor-post__excerpt\">\n\t\t\t<p>L\u2019employeur ne peut pas valablement utiliser comme moyen de preuve un dispositif de vid\u00e9osurveillance contr\u00f4lant le personnel s&#8217;il n&#8217;a pas rempli ses obligations pr\u00e9alables d&#8217;information et de consultation \u00e0 l&#8217;\u00e9gard des salari\u00e9s et du CSE. C\u2019est ce&nbsp;que<\/p>\n\t\t<\/div>\n\t\t\n\t\t<a class=\"elementor-post__read-more\" href=\"https:\/\/detwiler-avocat.fr\/en_en\/recours-a-la-videosurveillance-les-conditions-de-validite-rappelees-par-la-cour-de-cassation\/\" aria-label=\"Read more about Recours \u00e0 la vid\u00e9osurveillance : les conditions de validit\u00e9 rappel\u00e9es par la Cour de cassation\" tabindex=\"-1\" >\n\t\t\tLire la suite \u00bb\t\t<\/a>\n\n\t\t\t\t<\/div>\n\t\t\t\t<div class=\"elementor-post__meta-data\">\n\t\t\t\t\t<span class=\"elementor-post-date\">\n\t\t\t17 November 2021\t\t<\/span>\n\t\t\t\t<span class=\"elementor-post-avatar\">\n\t\t\tNo Comments\t\t<\/span>\n\t\t\t\t<\/div>\n\t\t\t\t\t<\/div>\n\t\t<\/article>\n\t\t\t\t<article class=\"elementor-post elementor-grid-item post-3084 post type-post status-publish format-standard has-post-thumbnail hentry category-actu-jurisprudentielles\" role=\"listitem\">\n\t\t\t<div class=\"elementor-post__card\">\n\t\t\t\t<a class=\"elementor-post__thumbnail__link\" href=\"https:\/\/detwiler-avocat.fr\/en_en\/teletravail-pas-de-retour-impose-sans-clause-de-reversibilite\/\" tabindex=\"-1\" ><div class=\"elementor-post__thumbnail\"><img loading=\"lazy\" decoding=\"async\" width=\"300\" height=\"225\" src=\"https:\/\/detwiler-avocat.fr\/wp-content\/uploads\/2021\/10\/homeworking-300x225.jpeg\" class=\"attachment-medium size-medium wp-image-3085\" alt=\"\" srcset=\"https:\/\/detwiler-avocat.fr\/wp-content\/uploads\/2021\/10\/homeworking-300x225.jpeg 300w, https:\/\/detwiler-avocat.fr\/wp-content\/uploads\/2021\/10\/homeworking-16x12.jpeg 16w, https:\/\/detwiler-avocat.fr\/wp-content\/uploads\/2021\/10\/homeworking-370x278.jpeg 370w, https:\/\/detwiler-avocat.fr\/wp-content\/uploads\/2021\/10\/homeworking-406x305.jpeg 406w, https:\/\/detwiler-avocat.fr\/wp-content\/uploads\/2021\/10\/homeworking.jpeg 600w\" sizes=\"(max-width: 300px) 100vw, 300px\" \/><\/div><\/a>\n\t\t\t\t<div class=\"elementor-post__badge\">Actu Jurisprudentielles<\/div>\n\t\t\t\t<div class=\"elementor-post__avatar\">\n\t\t\t<img alt='Lucille Detwiler' src='https:\/\/detwiler-avocat.fr\/wp-content\/uploads\/2024\/06\/avatar_user_990002_1718706072-128x128.jpg' srcset='https:\/\/detwiler-avocat.fr\/wp-content\/uploads\/2024\/06\/avatar_user_990002_1718706072-256x256.jpg 2x' class='avatar avatar-128 photo' height='128' width='128' \/>\t\t<\/div>\n\t\t\t\t<div class=\"elementor-post__text\">\n\t\t\t\t<h3 class=\"elementor-post__title\">\n\t\t\t<a href=\"https:\/\/detwiler-avocat.fr\/en_en\/teletravail-pas-de-retour-impose-sans-clause-de-reversibilite\/\" >\n\t\t\t\tT\u00e9l\u00e9travail : pas de retour impos\u00e9 sans clause de r\u00e9versibilit\u00e9 !\t\t\t<\/a>\n\t\t<\/h3>\n\t\t\t\t<div class=\"elementor-post__excerpt\">\n\t\t\t<p>Alors que la mise en place du t\u00e9l\u00e9travail r\u00e9gulier est revendiqu\u00e9e par de nombreux salari\u00e9s en poste \u00e0 l&#8217;issue de la crise sanitaire, un arr\u00eat r\u00e9cent de la Cour d&#8217;appel de Lyon vient rappeler aux employeurs la<\/p>\n\t\t<\/div>\n\t\t\n\t\t<a class=\"elementor-post__read-more\" href=\"https:\/\/detwiler-avocat.fr\/en_en\/teletravail-pas-de-retour-impose-sans-clause-de-reversibilite\/\" aria-label=\"Read more about T\u00e9l\u00e9travail : pas de retour impos\u00e9 sans clause de r\u00e9versibilit\u00e9 !\" tabindex=\"-1\" >\n\t\t\tLire la suite \u00bb\t\t<\/a>\n\n\t\t\t\t<\/div>\n\t\t\t\t<div class=\"elementor-post__meta-data\">\n\t\t\t\t\t<span class=\"elementor-post-date\">\n\t\t\t15 October 2021\t\t<\/span>\n\t\t\t\t<span class=\"elementor-post-avatar\">\n\t\t\tNo Comments\t\t<\/span>\n\t\t\t\t<\/div>\n\t\t\t\t\t<\/div>\n\t\t<\/article>\n\t\t\t\t<\/div>\n\t\t\n\t\t\t\t\t\t<\/div>\n\t\t\t\t<\/div>\n\t\t\t\t\t<\/div>\n\t\t<\/div>\n\t\t\t\t\t<\/div>\n\t\t<\/section>\n\t\t\t\t<\/div>","protected":false},"excerpt":{"rendered":"<p>Actualit\u00e9S Actualit\u00e9s Sociales Jurisprudences<\/p>","protected":false},"author":990002,"featured_media":0,"parent":0,"menu_order":0,"comment_status":"closed","ping_status":"closed","template":"","meta":{"footnotes":""},"class_list":["post-2668","page","type-page","status-publish","hentry"],"_links":{"self":[{"href":"https:\/\/detwiler-avocat.fr\/en_en\/wp-json\/wp\/v2\/pages\/2668","targetHints":{"allow":["GET"]}}],"collection":[{"href":"https:\/\/detwiler-avocat.fr\/en_en\/wp-json\/wp\/v2\/pages"}],"about":[{"href":"https:\/\/detwiler-avocat.fr\/en_en\/wp-json\/wp\/v2\/types\/page"}],"author":[{"embeddable":true,"href":"https:\/\/detwiler-avocat.fr\/en_en\/wp-json\/wp\/v2\/users\/990002"}],"replies":[{"embeddable":true,"href":"https:\/\/detwiler-avocat.fr\/en_en\/wp-json\/wp\/v2\/comments?post=2668"}],"version-history":[{"count":100,"href":"https:\/\/detwiler-avocat.fr\/en_en\/wp-json\/wp\/v2\/pages\/2668\/revisions"}],"predecessor-version":[{"id":3927,"href":"https:\/\/detwiler-avocat.fr\/en_en\/wp-json\/wp\/v2\/pages\/2668\/revisions\/3927"}],"wp:attachment":[{"href":"https:\/\/detwiler-avocat.fr\/en_en\/wp-json\/wp\/v2\/media?parent=2668"}],"curies":[{"name":"wp","href":"https:\/\/api.w.org\/{rel}","templated":true}]}}